{"id":155,"date":"2020-04-19T16:37:01","date_gmt":"2020-04-19T14:37:01","guid":{"rendered":"http:\/\/odyssee-aquavel.bzh\/?page_id=155"},"modified":"2021-09-05T21:19:43","modified_gmt":"2021-09-05T19:19:43","slug":"le-recit-de-notre-voyage","status":"publish","type":"page","link":"http:\/\/odyssee-aquavel.bzh\/index.php\/le-recit-de-notre-voyage\/","title":{"rendered":"LE RECIT DE NOTRE VOYAGE"},"content":{"rendered":"\t\t<div data-elementor-type=\"wp-page\" data-elementor-id=\"155\" class=\"elementor elementor-155\" data-elementor-settings=\"[]\">\n\t\t\t\t\t\t<div class=\"elementor-inner\">\n\t\t\t\t\t\t\t<div class=\"elementor-section-wrap\">\n\t\t\t\t\t\t\t<section class=\"elementor-section elementor-top-section elementor-element elementor-element-ef489ec elementor-section-boxed elementor-section-height-default elementor-section-height-default\" data-id=\"ef489ec\" data-element_type=\"section\">\n\t\t\t\t\t\t<div class=\"elementor-container elementor-column-gap-default\">\n\t\t\t\t\t\t\t<div class=\"elementor-row\">\n\t\t\t\t\t<div class=\"elementor-column elementor-col-100 elementor-top-column elementor-element elementor-element-af4dc8a\" data-id=\"af4dc8a\" data-element_type=\"column\">\n\t\t\t<div class=\"elementor-column-wrap\">\n\t\t\t\t\t\t\t<div class=\"elementor-widget-wrap\">\n\t\t\t\t\t\t\t\t<\/div>\n\t\t\t\t\t<\/div>\n\t\t<\/div>\n\t\t\t\t\t\t\t\t<\/div>\n\t\t\t\t\t<\/div>\n\t\t<\/section>\n\t\t\t\t<section class=\"elementor-section elementor-top-section elementor-element elementor-element-eb161ca elementor-section-boxed elementor-section-height-default elementor-section-height-default\" data-id=\"eb161ca\" data-element_type=\"section\">\n\t\t\t\t\t\t<div class=\"elementor-container elementor-column-gap-default\">\n\t\t\t\t\t\t\t<div class=\"elementor-row\">\n\t\t\t\t\t<div class=\"elementor-column elementor-col-33 elementor-top-column elementor-element elementor-element-76a070b\" data-id=\"76a070b\" data-element_type=\"column\">\n\t\t\t<div class=\"elementor-column-wrap elementor-element-populated\">\n\t\t\t\t\t\t\t<div class=\"elementor-widget-wrap\">\n\t\t\t\t\t\t<div class=\"elementor-element elementor-element-45c8cde elementor-widget elementor-widget-image\" data-id=\"45c8cde\" data-element_type=\"widget\" data-widget_type=\"image.default\">\n\t\t\t\t<div class=\"elementor-widget-container\">\n\t\t\t\t\t<div class=\"elementor-image\">\n\t\t\t\t\t\t\t\t\t\t\t<a href=\"https:\/\/www.google.com\/maps\/d\/u\/0\/edit?mid=1q3OJ4BIDubfcB4KkvAgmQjQHG1tdatDB&#038;usp=sharing\">\n\t\t\t\t\t\t\t<img width=\"150\" height=\"150\" src=\"http:\/\/odyssee-aquavel.bzh\/wp-content\/uploads\/2020\/10\/globe-terrestre-150x150.png\" class=\"attachment-thumbnail size-thumbnail\" alt=\"\" loading=\"lazy\" srcset=\"http:\/\/odyssee-aquavel.bzh\/wp-content\/uploads\/2020\/10\/globe-terrestre-150x150.png 150w, http:\/\/odyssee-aquavel.bzh\/wp-content\/uploads\/2020\/10\/globe-terrestre-300x300.png 300w, http:\/\/odyssee-aquavel.bzh\/wp-content\/uploads\/2020\/10\/globe-terrestre-768x768.png 768w, http:\/\/odyssee-aquavel.bzh\/wp-content\/uploads\/2020\/10\/globe-terrestre.png 800w\" sizes=\"(max-width: 150px) 100vw, 150px\" \/>\t\t\t\t\t\t\t\t<\/a>\n\t\t\t\t\t\t\t\t\t\t\t<\/div>\n\t\t\t\t<\/div>\n\t\t\t\t<\/div>\n\t\t\t\t\t\t<\/div>\n\t\t\t\t\t<\/div>\n\t\t<\/div>\n\t\t\t\t<div class=\"elementor-column elementor-col-66 elementor-top-column elementor-element elementor-element-c4192f6\" data-id=\"c4192f6\" data-element_type=\"column\">\n\t\t\t<div class=\"elementor-column-wrap elementor-element-populated\">\n\t\t\t\t\t\t\t<div class=\"elementor-widget-wrap\">\n\t\t\t\t\t\t<div class=\"elementor-element elementor-element-9da3ff0 elementor-widget elementor-widget-button\" data-id=\"9da3ff0\" data-element_type=\"widget\" data-widget_type=\"button.default\">\n\t\t\t\t<div class=\"elementor-widget-container\">\n\t\t\t\t\t<div class=\"elementor-button-wrapper\">\n\t\t\t<a href=\"https:\/\/www.google.com\/maps\/d\/u\/0\/edit?mid=1q3OJ4BIDubfcB4KkvAgmQjQHG1tdatDB&#038;usp=sharing\" class=\"elementor-button-link elementor-button elementor-size-sm\" role=\"button\">\n\t\t\t\t\t\t<span class=\"elementor-button-content-wrapper\">\n\t\t\t\t\t\t<span class=\"elementor-button-icon elementor-align-icon-left\">\n\t\t\t\t<i aria-hidden=\"true\" class=\"fas fa-globe\"><\/i>\t\t\t<\/span>\n\t\t\t\t\t\t<span class=\"elementor-button-text\">Cliquez ici pour suivre notre parcours. <\/span>\n\t\t<\/span>\n\t\t\t\t\t<\/a>\n\t\t<\/div>\n\t\t\t\t<\/div>\n\t\t\t\t<\/div>\n\t\t\t\t<div class=\"elementor-element elementor-element-6e27839 elementor-widget elementor-widget-text-editor\" data-id=\"6e27839\" data-element_type=\"widget\" data-widget_type=\"text-editor.default\">\n\t\t\t\t<div class=\"elementor-widget-container\">\n\t\t\t\t\t<div class=\"elementor-text-editor elementor-clearfix\"><p>Voici une carte pour d\u00e9couvrir notre parcours et quelques conseils sur les ports et mouillages que nous avons pratiqu\u00e9s.<\/p><\/div>\n\t\t\t\t<\/div>\n\t\t\t\t<\/div>\n\t\t\t\t\t\t<\/div>\n\t\t\t\t\t<\/div>\n\t\t<\/div>\n\t\t\t\t\t\t\t\t<\/div>\n\t\t\t\t\t<\/div>\n\t\t<\/section>\n\t\t\t\t<section class=\"elementor-section elementor-top-section elementor-element elementor-element-2838ba4 elementor-section-boxed elementor-section-height-default elementor-section-height-default\" data-id=\"2838ba4\" data-element_type=\"section\">\n\t\t\t\t\t\t<div class=\"elementor-container elementor-column-gap-default\">\n\t\t\t\t\t\t\t<div class=\"elementor-row\">\n\t\t\t\t\t<div class=\"elementor-column elementor-col-100 elementor-top-column elementor-element elementor-element-52d97d1\" data-id=\"52d97d1\" data-element_type=\"column\">\n\t\t\t<div class=\"elementor-column-wrap elementor-element-populated\">\n\t\t\t\t\t\t\t<div class=\"elementor-widget-wrap\">\n\t\t\t\t\t\t<div class=\"elementor-element elementor-element-71a53a1 elementor-widget elementor-widget-spacer\" data-id=\"71a53a1\" data-element_type=\"widget\" data-widget_type=\"spacer.default\">\n\t\t\t\t<div class=\"elementor-widget-container\">\n\t\t\t\t\t<div class=\"elementor-spacer\">\n\t\t\t<div class=\"elementor-spacer-inner\"><\/div>\n\t\t<\/div>\n\t\t\t\t<\/div>\n\t\t\t\t<\/div>\n\t\t\t\t\t\t<\/div>\n\t\t\t\t\t<\/div>\n\t\t<\/div>\n\t\t\t\t\t\t\t\t<\/div>\n\t\t\t\t\t<\/div>\n\t\t<\/section>\n\t\t\t\t<section class=\"elementor-section elementor-top-section elementor-element elementor-element-7d9f4a5 elementor-section-boxed elementor-section-height-default elementor-section-height-default\" data-id=\"7d9f4a5\" data-element_type=\"section\">\n\t\t\t\t\t\t<div class=\"elementor-container elementor-column-gap-default\">\n\t\t\t\t\t\t\t<div class=\"elementor-row\">\n\t\t\t\t\t<div class=\"elementor-column elementor-col-100 elementor-top-column elementor-element elementor-element-5b2be55\" data-id=\"5b2be55\" data-element_type=\"column\">\n\t\t\t<div class=\"elementor-column-wrap elementor-element-populated\">\n\t\t\t\t\t\t\t<div class=\"elementor-widget-wrap\">\n\t\t\t\t\t\t<div class=\"elementor-element elementor-element-bcf61b3 elementor-widget elementor-widget-spacer\" data-id=\"bcf61b3\" data-element_type=\"widget\" data-widget_type=\"spacer.default\">\n\t\t\t\t<div class=\"elementor-widget-container\">\n\t\t\t\t\t<div class=\"elementor-spacer\">\n\t\t\t<div class=\"elementor-spacer-inner\"><\/div>\n\t\t<\/div>\n\t\t\t\t<\/div>\n\t\t\t\t<\/div>\n\t\t\t\t\t\t<\/div>\n\t\t\t\t\t<\/div>\n\t\t<\/div>\n\t\t\t\t\t\t\t\t<\/div>\n\t\t\t\t\t<\/div>\n\t\t<\/section>\n\t\t\t\t<section class=\"elementor-section elementor-top-section elementor-element elementor-element-bfdec10 elementor-section-boxed elementor-section-height-default elementor-section-height-default\" data-id=\"bfdec10\" data-element_type=\"section\">\n\t\t\t\t\t\t<div class=\"elementor-container elementor-column-gap-default\">\n\t\t\t\t\t\t\t<div class=\"elementor-row\">\n\t\t\t\t\t<div class=\"elementor-column elementor-col-100 elementor-top-column elementor-element elementor-element-709faf1\" data-id=\"709faf1\" data-element_type=\"column\">\n\t\t\t<div class=\"elementor-column-wrap elementor-element-populated\">\n\t\t\t\t\t\t\t<div class=\"elementor-widget-wrap\">\n\t\t\t\t\t\t<div class=\"elementor-element elementor-element-ea08b64 elementor-grid-3 elementor-grid-tablet-2 elementor-grid-mobile-1 elementor-posts--thumbnail-top elementor-widget elementor-widget-posts\" data-id=\"ea08b64\" data-element_type=\"widget\" data-settings=\"{&quot;classic_columns&quot;:&quot;3&quot;,&quot;classic_columns_tablet&quot;:&quot;2&quot;,&quot;classic_columns_mobile&quot;:&quot;1&quot;,&quot;classic_row_gap&quot;:{&quot;unit&quot;:&quot;px&quot;,&quot;size&quot;:35,&quot;sizes&quot;:[]}}\" data-widget_type=\"posts.classic\">\n\t\t\t\t<div class=\"elementor-widget-container\">\n\t\t\t\t\t<div class=\"elementor-posts-container elementor-posts elementor-posts--skin-classic elementor-grid\">\n\t\t\t\t<article class=\"elementor-post elementor-grid-item post-1635 post type-post status-publish format-standard has-post-thumbnail hentry category-le-recit-de-notre-voyage\">\n\t\t\t\t<a class=\"elementor-post__thumbnail__link\" href=\"http:\/\/odyssee-aquavel.bzh\/index.php\/2021\/07\/07\/antigua-et-barbuda\/\" >\n\t\t\t<div class=\"elementor-post__thumbnail\"><img width=\"300\" height=\"228\" src=\"http:\/\/odyssee-aquavel.bzh\/wp-content\/uploads\/2021\/06\/grutage-Armel-et-Solal-300x228.png\" class=\"attachment-medium size-medium\" alt=\"\" loading=\"lazy\" srcset=\"http:\/\/odyssee-aquavel.bzh\/wp-content\/uploads\/2021\/06\/grutage-Armel-et-Solal-300x228.png 300w, http:\/\/odyssee-aquavel.bzh\/wp-content\/uploads\/2021\/06\/grutage-Armel-et-Solal.png 462w\" sizes=\"(max-width: 300px) 100vw, 300px\" \/><\/div>\n\t\t<\/a>\n\t\t\t\t<div class=\"elementor-post__text\">\n\t\t\t\t<h3 class=\"elementor-post__title\">\n\t\t\t<a href=\"http:\/\/odyssee-aquavel.bzh\/index.php\/2021\/07\/07\/antigua-et-barbuda\/\" >\n\t\t\t\tAntigua et Barbuda\t\t\t<\/a>\n\t\t<\/h3>\n\t\t\t\t<div class=\"elementor-post__meta-data\">\n\t\t\t\t\t<span class=\"elementor-post-date\">\n\t\t\t7 July 2021\t\t<\/span>\n\t\t\t\t<span class=\"elementor-post-avatar\">\n\t\t\t1 Comment\t\t<\/span>\n\t\t\t\t<\/div>\n\t\t\t\t<div class=\"elementor-post__excerpt\">\n\t\t\t<p>Antigua Le 29 mars, nous quittons le mouillage de Deshaies direction l\u2019\u00eele d\u2019Antigua distante de 40 miles. Le vent souffle depuis plusieurs jours, aujourd\u2019hui il est l\u00e9g\u00e8rement mollissant mais encore<\/p>\n\t\t<\/div>\n\t\t\t\t\t<a class=\"elementor-post__read-more\" href=\"http:\/\/odyssee-aquavel.bzh\/index.php\/2021\/07\/07\/antigua-et-barbuda\/\" >\n\t\t\t\tLire la suite \u00bb\t\t\t<\/a>\n\t\t\t\t<\/div>\n\t\t\t\t<\/article>\n\t\t\t\t<article class=\"elementor-post elementor-grid-item post-1639 post type-post status-publish format-standard hentry category-le-recit-de-notre-voyage\">\n\t\t\t\t<div class=\"elementor-post__text\">\n\t\t\t\t<h3 class=\"elementor-post__title\">\n\t\t\t<a href=\"http:\/\/odyssee-aquavel.bzh\/index.php\/2021\/05\/18\/depart-pour-la-transat-retour-vers-les-acores\/\" >\n\t\t\t\tD\u00e9part pour la transat retour vers les A\u00e7ores\t\t\t<\/a>\n\t\t<\/h3>\n\t\t\t\t<div class=\"elementor-post__meta-data\">\n\t\t\t\t\t<span class=\"elementor-post-date\">\n\t\t\t18 May 2021\t\t<\/span>\n\t\t\t\t<span class=\"elementor-post-avatar\">\n\t\t\t2 Comments\t\t<\/span>\n\t\t\t\t<\/div>\n\t\t\t\t<div class=\"elementor-post__excerpt\">\n\t\t\t<p>Apr\u00e8s 4 mois et demi dans les Antilles &#8230; c&#8217;est l&#8217;heure du d\u00e9part ! Nous quittons la chaleur, l&#8217;eau turquoise \u00e0 28\u00b0, l&#8217;ambiance carib\u00e9enne et les bateaux copains avec un<\/p>\n\t\t<\/div>\n\t\t\t\t\t<a class=\"elementor-post__read-more\" href=\"http:\/\/odyssee-aquavel.bzh\/index.php\/2021\/05\/18\/depart-pour-la-transat-retour-vers-les-acores\/\" >\n\t\t\t\tLire la suite \u00bb\t\t\t<\/a>\n\t\t\t\t<\/div>\n\t\t\t\t<\/article>\n\t\t\t\t<article class=\"elementor-post elementor-grid-item post-1564 post type-post status-publish format-standard has-post-thumbnail hentry category-le-recit-de-notre-voyage\">\n\t\t\t\t<a class=\"elementor-post__thumbnail__link\" href=\"http:\/\/odyssee-aquavel.bzh\/index.php\/2021\/05\/02\/grande-terre-basse-terre-toujours-en-guadeloupe\/\" >\n\t\t\t<div class=\"elementor-post__thumbnail\"><img width=\"300\" height=\"225\" src=\"http:\/\/odyssee-aquavel.bzh\/wp-content\/uploads\/2021\/05\/P1040707-300x225.jpg\" class=\"attachment-medium size-medium\" alt=\"\" loading=\"lazy\" srcset=\"http:\/\/odyssee-aquavel.bzh\/wp-content\/uploads\/2021\/05\/P1040707-300x225.jpg 300w, http:\/\/odyssee-aquavel.bzh\/wp-content\/uploads\/2021\/05\/P1040707-1024x768.jpg 1024w, http:\/\/odyssee-aquavel.bzh\/wp-content\/uploads\/2021\/05\/P1040707-768x576.jpg 768w, http:\/\/odyssee-aquavel.bzh\/wp-content\/uploads\/2021\/05\/P1040707-1536x1152.jpg 1536w, http:\/\/odyssee-aquavel.bzh\/wp-content\/uploads\/2021\/05\/P1040707-2048x1536.jpg 2048w\" sizes=\"(max-width: 300px) 100vw, 300px\" \/><\/div>\n\t\t<\/a>\n\t\t\t\t<div class=\"elementor-post__text\">\n\t\t\t\t<h3 class=\"elementor-post__title\">\n\t\t\t<a href=\"http:\/\/odyssee-aquavel.bzh\/index.php\/2021\/05\/02\/grande-terre-basse-terre-toujours-en-guadeloupe\/\" >\n\t\t\t\tGrande Terre, Basse Terre &#8230; toujours en Guadeloupe\t\t\t<\/a>\n\t\t<\/h3>\n\t\t\t\t<div class=\"elementor-post__meta-data\">\n\t\t\t\t\t<span class=\"elementor-post-date\">\n\t\t\t2 May 2021\t\t<\/span>\n\t\t\t\t<span class=\"elementor-post-avatar\">\n\t\t\tNo Comments\t\t<\/span>\n\t\t\t\t<\/div>\n\t\t\t\t<div class=\"elementor-post__excerpt\">\n\t\t\t<p>GRANDE TERRE &#8211; Saint Fran\u00e7ois Nous rejoignons la marina de Saint Fran\u00e7ois pour faire le plein d&#8217;eau, l&#8217;avitaillement, la lessive &#8230; Nous nous rendons \u00e0 la Pointe des Ch\u00e2teaux avec<\/p>\n\t\t<\/div>\n\t\t\t\t\t<a class=\"elementor-post__read-more\" href=\"http:\/\/odyssee-aquavel.bzh\/index.php\/2021\/05\/02\/grande-terre-basse-terre-toujours-en-guadeloupe\/\" >\n\t\t\t\tLire la suite \u00bb\t\t\t<\/a>\n\t\t\t\t<\/div>\n\t\t\t\t<\/article>\n\t\t\t\t<article class=\"elementor-post elementor-grid-item post-1428 post type-post status-publish format-standard has-post-thumbnail hentry category-le-recit-de-notre-voyage\">\n\t\t\t\t<a class=\"elementor-post__thumbnail__link\" href=\"http:\/\/odyssee-aquavel.bzh\/index.php\/2021\/05\/02\/les-saintes-marie-galante-petite-terre\/\" >\n\t\t\t<div class=\"elementor-post__thumbnail\"><img width=\"300\" height=\"169\" src=\"http:\/\/odyssee-aquavel.bzh\/wp-content\/uploads\/2021\/04\/P1030923-300x169.jpg\" class=\"attachment-medium size-medium\" alt=\"\" loading=\"lazy\" srcset=\"http:\/\/odyssee-aquavel.bzh\/wp-content\/uploads\/2021\/04\/P1030923-300x169.jpg 300w, http:\/\/odyssee-aquavel.bzh\/wp-content\/uploads\/2021\/04\/P1030923-1024x576.jpg 1024w, http:\/\/odyssee-aquavel.bzh\/wp-content\/uploads\/2021\/04\/P1030923-768x432.jpg 768w, http:\/\/odyssee-aquavel.bzh\/wp-content\/uploads\/2021\/04\/P1030923-1536x864.jpg 1536w, http:\/\/odyssee-aquavel.bzh\/wp-content\/uploads\/2021\/04\/P1030923-2048x1151.jpg 2048w\" sizes=\"(max-width: 300px) 100vw, 300px\" \/><\/div>\n\t\t<\/a>\n\t\t\t\t<div class=\"elementor-post__text\">\n\t\t\t\t<h3 class=\"elementor-post__title\">\n\t\t\t<a href=\"http:\/\/odyssee-aquavel.bzh\/index.php\/2021\/05\/02\/les-saintes-marie-galante-petite-terre\/\" >\n\t\t\t\tLES SAINTES &#8211; MARIE GALANTE &#8211; PETITE TERRE\t\t\t<\/a>\n\t\t<\/h3>\n\t\t\t\t<div class=\"elementor-post__meta-data\">\n\t\t\t\t\t<span class=\"elementor-post-date\">\n\t\t\t2 May 2021\t\t<\/span>\n\t\t\t\t<span class=\"elementor-post-avatar\">\n\t\t\t4 Comments\t\t<\/span>\n\t\t\t\t<\/div>\n\t\t\t\t<div class=\"elementor-post__excerpt\">\n\t\t\t<p>Le 05 f\u00e9vrier, nous mouillons devant la ville de Saint Pierre en Martinique, surplomb\u00e9e par la montagne Pel\u00e9e. Une courte nuit face \u00e0 cette ville, ancienne capitale \u00e9conomique, d\u00e9vast\u00e9e en<\/p>\n\t\t<\/div>\n\t\t\t\t\t<a class=\"elementor-post__read-more\" href=\"http:\/\/odyssee-aquavel.bzh\/index.php\/2021\/05\/02\/les-saintes-marie-galante-petite-terre\/\" >\n\t\t\t\tLire la suite \u00bb\t\t\t<\/a>\n\t\t\t\t<\/div>\n\t\t\t\t<\/article>\n\t\t\t\t<article class=\"elementor-post elementor-grid-item post-1286 post type-post status-publish format-standard has-post-thumbnail hentry category-le-recit-de-notre-voyage\">\n\t\t\t\t<a class=\"elementor-post__thumbnail__link\" href=\"http:\/\/odyssee-aquavel.bzh\/index.php\/2021\/03\/15\/la-martinique\/\" >\n\t\t\t<div class=\"elementor-post__thumbnail\"><img width=\"300\" height=\"225\" src=\"http:\/\/odyssee-aquavel.bzh\/wp-content\/uploads\/2021\/03\/P1030232-300x225.jpg\" class=\"attachment-medium size-medium\" alt=\"\" loading=\"lazy\" srcset=\"http:\/\/odyssee-aquavel.bzh\/wp-content\/uploads\/2021\/03\/P1030232-300x225.jpg 300w, http:\/\/odyssee-aquavel.bzh\/wp-content\/uploads\/2021\/03\/P1030232-1024x768.jpg 1024w, http:\/\/odyssee-aquavel.bzh\/wp-content\/uploads\/2021\/03\/P1030232-768x576.jpg 768w, http:\/\/odyssee-aquavel.bzh\/wp-content\/uploads\/2021\/03\/P1030232-1536x1152.jpg 1536w, http:\/\/odyssee-aquavel.bzh\/wp-content\/uploads\/2021\/03\/P1030232-2048x1536.jpg 2048w\" sizes=\"(max-width: 300px) 100vw, 300px\" \/><\/div>\n\t\t<\/a>\n\t\t\t\t<div class=\"elementor-post__text\">\n\t\t\t\t<h3 class=\"elementor-post__title\">\n\t\t\t<a href=\"http:\/\/odyssee-aquavel.bzh\/index.php\/2021\/03\/15\/la-martinique\/\" >\n\t\t\t\tLA MARTINIQUE\t\t\t<\/a>\n\t\t<\/h3>\n\t\t\t\t<div class=\"elementor-post__meta-data\">\n\t\t\t\t\t<span class=\"elementor-post-date\">\n\t\t\t15 March 2021\t\t<\/span>\n\t\t\t\t<span class=\"elementor-post-avatar\">\n\t\t\t3 Comments\t\t<\/span>\n\t\t\t\t<\/div>\n\t\t\t\t<div class=\"elementor-post__excerpt\">\n\t\t\t<p>24 H \u00e0 la Barbade Arriv\u00e9e sur la Barbade en d\u00e9but de nuit, le dimanche 27 d\u00e9cembre. Un seul mouillage possible sur cette \u00eele pr\u00e8s de Bridgetown. Une dizaine de<\/p>\n\t\t<\/div>\n\t\t\t\t\t<a class=\"elementor-post__read-more\" href=\"http:\/\/odyssee-aquavel.bzh\/index.php\/2021\/03\/15\/la-martinique\/\" >\n\t\t\t\tLire la suite \u00bb\t\t\t<\/a>\n\t\t\t\t<\/div>\n\t\t\t\t<\/article>\n\t\t\t\t<article class=\"elementor-post elementor-grid-item post-1080 post type-post status-publish format-standard has-post-thumbnail hentry category-le-recit-de-notre-voyage\">\n\t\t\t\t<a class=\"elementor-post__thumbnail__link\" href=\"http:\/\/odyssee-aquavel.bzh\/index.php\/2021\/01\/20\/la-transatlantique\/\" >\n\t\t\t<div class=\"elementor-post__thumbnail\"><img width=\"300\" height=\"225\" src=\"http:\/\/odyssee-aquavel.bzh\/wp-content\/uploads\/2021\/01\/P1020764-300x225.jpg\" class=\"attachment-medium size-medium\" alt=\"\" loading=\"lazy\" srcset=\"http:\/\/odyssee-aquavel.bzh\/wp-content\/uploads\/2021\/01\/P1020764-300x225.jpg 300w, http:\/\/odyssee-aquavel.bzh\/wp-content\/uploads\/2021\/01\/P1020764-1024x768.jpg 1024w, http:\/\/odyssee-aquavel.bzh\/wp-content\/uploads\/2021\/01\/P1020764-768x576.jpg 768w, http:\/\/odyssee-aquavel.bzh\/wp-content\/uploads\/2021\/01\/P1020764-1536x1152.jpg 1536w, http:\/\/odyssee-aquavel.bzh\/wp-content\/uploads\/2021\/01\/P1020764-2048x1536.jpg 2048w\" sizes=\"(max-width: 300px) 100vw, 300px\" \/><\/div>\n\t\t<\/a>\n\t\t\t\t<div class=\"elementor-post__text\">\n\t\t\t\t<h3 class=\"elementor-post__title\">\n\t\t\t<a href=\"http:\/\/odyssee-aquavel.bzh\/index.php\/2021\/01\/20\/la-transatlantique\/\" >\n\t\t\t\tLA TRANSATLANTIQUE\t\t\t<\/a>\n\t\t<\/h3>\n\t\t\t\t<div class=\"elementor-post__meta-data\">\n\t\t\t\t\t<span class=\"elementor-post-date\">\n\t\t\t20 January 2021\t\t<\/span>\n\t\t\t\t<span class=\"elementor-post-avatar\">\n\t\t\t23 Comments\t\t<\/span>\n\t\t\t\t<\/div>\n\t\t\t\t<div class=\"elementor-post__excerpt\">\n\t\t\t<p>La transat en quelques chiffres : Lieu et jour de d\u00e9part&nbsp;: le samedi 12 d\u00e9cembre \u00e0 12H30 du port de Mindelo &#8211;&nbsp; Cap Vert Lieu et jour d\u2019arriv\u00e9e&nbsp;: le dimanche<\/p>\n\t\t<\/div>\n\t\t\t\t\t<a class=\"elementor-post__read-more\" href=\"http:\/\/odyssee-aquavel.bzh\/index.php\/2021\/01\/20\/la-transatlantique\/\" >\n\t\t\t\tLire la suite \u00bb\t\t\t<\/a>\n\t\t\t\t<\/div>\n\t\t\t\t<\/article>\n\t\t\t\t<article class=\"elementor-post elementor-grid-item post-1071 post type-post status-publish format-standard has-post-thumbnail hentry category-le-recit-de-notre-voyage\">\n\t\t\t\t<a class=\"elementor-post__thumbnail__link\" href=\"http:\/\/odyssee-aquavel.bzh\/index.php\/2021\/01\/09\/le-cap-vert\/\" >\n\t\t\t<div class=\"elementor-post__thumbnail\"><img width=\"300\" height=\"225\" src=\"http:\/\/odyssee-aquavel.bzh\/wp-content\/uploads\/2021\/01\/20201204_233031-1-300x225.jpg\" class=\"attachment-medium size-medium\" alt=\"\" loading=\"lazy\" srcset=\"http:\/\/odyssee-aquavel.bzh\/wp-content\/uploads\/2021\/01\/20201204_233031-1-300x225.jpg 300w, http:\/\/odyssee-aquavel.bzh\/wp-content\/uploads\/2021\/01\/20201204_233031-1-1024x768.jpg 1024w, http:\/\/odyssee-aquavel.bzh\/wp-content\/uploads\/2021\/01\/20201204_233031-1-768x576.jpg 768w, http:\/\/odyssee-aquavel.bzh\/wp-content\/uploads\/2021\/01\/20201204_233031-1-1536x1152.jpg 1536w, http:\/\/odyssee-aquavel.bzh\/wp-content\/uploads\/2021\/01\/20201204_233031-1-2048x1536.jpg 2048w\" sizes=\"(max-width: 300px) 100vw, 300px\" \/><\/div>\n\t\t<\/a>\n\t\t\t\t<div class=\"elementor-post__text\">\n\t\t\t\t<h3 class=\"elementor-post__title\">\n\t\t\t<a href=\"http:\/\/odyssee-aquavel.bzh\/index.php\/2021\/01\/09\/le-cap-vert\/\" >\n\t\t\t\tLE CAP VERT\t\t\t<\/a>\n\t\t<\/h3>\n\t\t\t\t<div class=\"elementor-post__meta-data\">\n\t\t\t\t\t<span class=\"elementor-post-date\">\n\t\t\t9 January 2021\t\t<\/span>\n\t\t\t\t<span class=\"elementor-post-avatar\">\n\t\t\t3 Comments\t\t<\/span>\n\t\t\t\t<\/div>\n\t\t\t\t<div class=\"elementor-post__excerpt\">\n\t\t\t<p>Travers\u00e9e Canaries &#8211; Cap Vert Le lundi 23 novembre \u00e0 8H30, nous quittons le port de San Sebastian de la Gomera aux Canaries direction le Cap Vert pour une belle<\/p>\n\t\t<\/div>\n\t\t\t\t\t<a class=\"elementor-post__read-more\" href=\"http:\/\/odyssee-aquavel.bzh\/index.php\/2021\/01\/09\/le-cap-vert\/\" >\n\t\t\t\tLire la suite \u00bb\t\t\t<\/a>\n\t\t\t\t<\/div>\n\t\t\t\t<\/article>\n\t\t\t\t<article class=\"elementor-post elementor-grid-item post-953 post type-post status-publish format-standard has-post-thumbnail hentry category-le-recit-de-notre-voyage\">\n\t\t\t\t<a class=\"elementor-post__thumbnail__link\" href=\"http:\/\/odyssee-aquavel.bzh\/index.php\/2020\/12\/12\/les-iles-canaries\/\" >\n\t\t\t<div class=\"elementor-post__thumbnail\"><img width=\"300\" height=\"225\" src=\"http:\/\/odyssee-aquavel.bzh\/wp-content\/uploads\/2020\/12\/P1020119-300x225.jpg\" class=\"attachment-medium size-medium\" alt=\"\" loading=\"lazy\" srcset=\"http:\/\/odyssee-aquavel.bzh\/wp-content\/uploads\/2020\/12\/P1020119-300x225.jpg 300w, http:\/\/odyssee-aquavel.bzh\/wp-content\/uploads\/2020\/12\/P1020119-1024x768.jpg 1024w, http:\/\/odyssee-aquavel.bzh\/wp-content\/uploads\/2020\/12\/P1020119-768x576.jpg 768w, http:\/\/odyssee-aquavel.bzh\/wp-content\/uploads\/2020\/12\/P1020119-1536x1152.jpg 1536w, http:\/\/odyssee-aquavel.bzh\/wp-content\/uploads\/2020\/12\/P1020119-2048x1536.jpg 2048w\" sizes=\"(max-width: 300px) 100vw, 300px\" \/><\/div>\n\t\t<\/a>\n\t\t\t\t<div class=\"elementor-post__text\">\n\t\t\t\t<h3 class=\"elementor-post__title\">\n\t\t\t<a href=\"http:\/\/odyssee-aquavel.bzh\/index.php\/2020\/12\/12\/les-iles-canaries\/\" >\n\t\t\t\tLES ILES CANARIES\t\t\t<\/a>\n\t\t<\/h3>\n\t\t\t\t<div class=\"elementor-post__meta-data\">\n\t\t\t\t\t<span class=\"elementor-post-date\">\n\t\t\t12 December 2020\t\t<\/span>\n\t\t\t\t<span class=\"elementor-post-avatar\">\n\t\t\tNo Comments\t\t<\/span>\n\t\t\t\t<\/div>\n\t\t\t\t<div class=\"elementor-post__excerpt\">\n\t\t\t<p>Merci pour tous vos commentaires qui sont nos petits bonheurs quotidiens ! La Graciosa A la Graciosa nous avons rencontr\u00e9 Michelle l&#8217;institutrice et Manu le marin. Ils naviguent sur\u00a0 Martin,<\/p>\n\t\t<\/div>\n\t\t\t\t\t<a class=\"elementor-post__read-more\" href=\"http:\/\/odyssee-aquavel.bzh\/index.php\/2020\/12\/12\/les-iles-canaries\/\" >\n\t\t\t\tLire la suite \u00bb\t\t\t<\/a>\n\t\t\t\t<\/div>\n\t\t\t\t<\/article>\n\t\t\t\t<article class=\"elementor-post elementor-grid-item post-829 post type-post status-publish format-standard has-post-thumbnail hentry category-le-recit-de-notre-voyage\">\n\t\t\t\t<a class=\"elementor-post__thumbnail__link\" href=\"http:\/\/odyssee-aquavel.bzh\/index.php\/2020\/10\/31\/__trashed-2\/\" >\n\t\t\t<div class=\"elementor-post__thumbnail\"><img width=\"300\" height=\"225\" src=\"http:\/\/odyssee-aquavel.bzh\/wp-content\/uploads\/2020\/10\/P1010106-300x225.jpg\" class=\"attachment-medium size-medium\" alt=\"\" loading=\"lazy\" srcset=\"http:\/\/odyssee-aquavel.bzh\/wp-content\/uploads\/2020\/10\/P1010106-300x225.jpg 300w, http:\/\/odyssee-aquavel.bzh\/wp-content\/uploads\/2020\/10\/P1010106-1024x768.jpg 1024w, http:\/\/odyssee-aquavel.bzh\/wp-content\/uploads\/2020\/10\/P1010106-768x576.jpg 768w, http:\/\/odyssee-aquavel.bzh\/wp-content\/uploads\/2020\/10\/P1010106-1536x1152.jpg 1536w, http:\/\/odyssee-aquavel.bzh\/wp-content\/uploads\/2020\/10\/P1010106-2048x1536.jpg 2048w\" sizes=\"(max-width: 300px) 100vw, 300px\" \/><\/div>\n\t\t<\/a>\n\t\t\t\t<div class=\"elementor-post__text\">\n\t\t\t\t<h3 class=\"elementor-post__title\">\n\t\t\t<a href=\"http:\/\/odyssee-aquavel.bzh\/index.php\/2020\/10\/31\/__trashed-2\/\" >\n\t\t\t\tMAD\u00c8RE\t\t\t<\/a>\n\t\t<\/h3>\n\t\t\t\t<div class=\"elementor-post__meta-data\">\n\t\t\t\t\t<span class=\"elementor-post-date\">\n\t\t\t31 October 2020\t\t<\/span>\n\t\t\t\t<span class=\"elementor-post-avatar\">\n\t\t\t2 Comments\t\t<\/span>\n\t\t\t\t<\/div>\n\t\t\t\t<div class=\"elementor-post__excerpt\">\n\t\t\t<p>Travers\u00e9e Lisbonne &#8211; Mad\u00e8re \u00a0 Nous quittons Lisbonne dimanche 4 octobre au matin pour une navigation de 500 miles ( soit environ 900 kms pour les non marins :)). Nous<\/p>\n\t\t<\/div>\n\t\t\t\t\t<a class=\"elementor-post__read-more\" href=\"http:\/\/odyssee-aquavel.bzh\/index.php\/2020\/10\/31\/__trashed-2\/\" >\n\t\t\t\tLire la suite \u00bb\t\t\t<\/a>\n\t\t\t\t<\/div>\n\t\t\t\t<\/article>\n\t\t\t\t<article class=\"elementor-post elementor-grid-item post-642 post type-post status-publish format-standard has-post-thumbnail hentry category-le-recit-de-notre-voyage\">\n\t\t\t\t<a class=\"elementor-post__thumbnail__link\" href=\"http:\/\/odyssee-aquavel.bzh\/index.php\/2020\/10\/13\/le-portugal\/\" >\n\t\t\t<div class=\"elementor-post__thumbnail\"><img width=\"300\" height=\"225\" src=\"http:\/\/odyssee-aquavel.bzh\/wp-content\/uploads\/2020\/10\/P1000532-Copy-300x225.jpg\" class=\"attachment-medium size-medium\" alt=\"\" loading=\"lazy\" srcset=\"http:\/\/odyssee-aquavel.bzh\/wp-content\/uploads\/2020\/10\/P1000532-Copy-300x225.jpg 300w, http:\/\/odyssee-aquavel.bzh\/wp-content\/uploads\/2020\/10\/P1000532-Copy-1024x768.jpg 1024w, http:\/\/odyssee-aquavel.bzh\/wp-content\/uploads\/2020\/10\/P1000532-Copy-768x576.jpg 768w, http:\/\/odyssee-aquavel.bzh\/wp-content\/uploads\/2020\/10\/P1000532-Copy.jpg 1440w\" sizes=\"(max-width: 300px) 100vw, 300px\" \/><\/div>\n\t\t<\/a>\n\t\t\t\t<div class=\"elementor-post__text\">\n\t\t\t\t<h3 class=\"elementor-post__title\">\n\t\t\t<a href=\"http:\/\/odyssee-aquavel.bzh\/index.php\/2020\/10\/13\/le-portugal\/\" >\n\t\t\t\tLE PORTUGAL\t\t\t<\/a>\n\t\t<\/h3>\n\t\t\t\t<div class=\"elementor-post__meta-data\">\n\t\t\t\t\t<span class=\"elementor-post-date\">\n\t\t\t13 October 2020\t\t<\/span>\n\t\t\t\t<span class=\"elementor-post-avatar\">\n\t\t\t7 Comments\t\t<\/span>\n\t\t\t\t<\/div>\n\t\t\t\t<div class=\"elementor-post__excerpt\">\n\t\t\t<p>PORTO Arriv\u00e9e au Port de Leixoes, \u00e0 environ 3 miles au nord de Porto, le 18 septembre, dans la nuit. Port commercial avec un trafic important de cargos qui dispose<\/p>\n\t\t<\/div>\n\t\t\t\t\t<a class=\"elementor-post__read-more\" href=\"http:\/\/odyssee-aquavel.bzh\/index.php\/2020\/10\/13\/le-portugal\/\" >\n\t\t\t\tLire la suite \u00bb\t\t\t<\/a>\n\t\t\t\t<\/div>\n\t\t\t\t<\/article>\n\t\t\t\t<article class=\"elementor-post elementor-grid-item post-419 post type-post status-publish format-standard has-post-thumbnail hentry category-le-recit-de-notre-voyage\">\n\t\t\t\t<a class=\"elementor-post__thumbnail__link\" href=\"http:\/\/odyssee-aquavel.bzh\/index.php\/2020\/09\/17\/de-la-bretagne-a-la-galice\/\" >\n\t\t\t<div class=\"elementor-post__thumbnail\"><img width=\"300\" height=\"225\" src=\"http:\/\/odyssee-aquavel.bzh\/wp-content\/uploads\/2020\/09\/Depart-300x225.jpg\" class=\"attachment-medium size-medium\" alt=\"\" loading=\"lazy\" srcset=\"http:\/\/odyssee-aquavel.bzh\/wp-content\/uploads\/2020\/09\/Depart-300x225.jpg 300w, http:\/\/odyssee-aquavel.bzh\/wp-content\/uploads\/2020\/09\/Depart-1024x768.jpg 1024w, http:\/\/odyssee-aquavel.bzh\/wp-content\/uploads\/2020\/09\/Depart-768x576.jpg 768w, http:\/\/odyssee-aquavel.bzh\/wp-content\/uploads\/2020\/09\/Depart-1536x1152.jpg 1536w, http:\/\/odyssee-aquavel.bzh\/wp-content\/uploads\/2020\/09\/Depart-2048x1536.jpg 2048w\" sizes=\"(max-width: 300px) 100vw, 300px\" \/><\/div>\n\t\t<\/a>\n\t\t\t\t<div class=\"elementor-post__text\">\n\t\t\t\t<h3 class=\"elementor-post__title\">\n\t\t\t<a href=\"http:\/\/odyssee-aquavel.bzh\/index.php\/2020\/09\/17\/de-la-bretagne-a-la-galice\/\" >\n\t\t\t\tDE LA BRETAGNE A LA GALICE\t\t\t<\/a>\n\t\t<\/h3>\n\t\t\t\t<div class=\"elementor-post__meta-data\">\n\t\t\t\t\t<span class=\"elementor-post-date\">\n\t\t\t17 September 2020\t\t<\/span>\n\t\t\t\t<span class=\"elementor-post-avatar\">\n\t\t\t7 Comments\t\t<\/span>\n\t\t\t\t<\/div>\n\t\t\t\t<div class=\"elementor-post__excerpt\">\n\t\t\t<p>5 septembre 2020 : le grand d\u00e9part ! \u00a0 Sur la photo vous reconna\u00eeterez l&#8217;entr\u00e9e du port du Crouesty. On a m\u00eame r\u00e9ussi \u00e0 partir (\u00e0 peu pr\u00e8s) \u00e0 l&#8217;heure<\/p>\n\t\t<\/div>\n\t\t\t\t\t<a class=\"elementor-post__read-more\" href=\"http:\/\/odyssee-aquavel.bzh\/index.php\/2020\/09\/17\/de-la-bretagne-a-la-galice\/\" >\n\t\t\t\tLire la suite \u00bb\t\t\t<\/a>\n\t\t\t\t<\/div>\n\t\t\t\t<\/article>\n\t\t\t\t<article class=\"elementor-post elementor-grid-item post-428 post type-post status-publish format-standard has-post-thumbnail hentry category-le-recit-de-notre-voyage\">\n\t\t\t\t<a class=\"elementor-post__thumbnail__link\" href=\"http:\/\/odyssee-aquavel.bzh\/index.php\/2020\/09\/16\/la-galice\/\" >\n\t\t\t<div class=\"elementor-post__thumbnail\"><img width=\"300\" height=\"225\" src=\"http:\/\/odyssee-aquavel.bzh\/wp-content\/uploads\/2020\/09\/P1000341-300x225.jpg\" class=\"attachment-medium size-medium\" alt=\"\" loading=\"lazy\" srcset=\"http:\/\/odyssee-aquavel.bzh\/wp-content\/uploads\/2020\/09\/P1000341-300x225.jpg 300w, http:\/\/odyssee-aquavel.bzh\/wp-content\/uploads\/2020\/09\/P1000341-1024x768.jpg 1024w, http:\/\/odyssee-aquavel.bzh\/wp-content\/uploads\/2020\/09\/P1000341-768x576.jpg 768w, http:\/\/odyssee-aquavel.bzh\/wp-content\/uploads\/2020\/09\/P1000341-1536x1152.jpg 1536w, http:\/\/odyssee-aquavel.bzh\/wp-content\/uploads\/2020\/09\/P1000341-2048x1536.jpg 2048w\" sizes=\"(max-width: 300px) 100vw, 300px\" \/><\/div>\n\t\t<\/a>\n\t\t\t\t<div class=\"elementor-post__text\">\n\t\t\t\t<h3 class=\"elementor-post__title\">\n\t\t\t<a href=\"http:\/\/odyssee-aquavel.bzh\/index.php\/2020\/09\/16\/la-galice\/\" >\n\t\t\t\tLA GALICE\t\t\t<\/a>\n\t\t<\/h3>\n\t\t\t\t<div class=\"elementor-post__meta-data\">\n\t\t\t\t\t<span class=\"elementor-post-date\">\n\t\t\t16 September 2020\t\t<\/span>\n\t\t\t\t<span class=\"elementor-post-avatar\">\n\t\t\t3 Comments\t\t<\/span>\n\t\t\t\t<\/div>\n\t\t\t\t<div class=\"elementor-post__excerpt\">\n\t\t\t<p>Navigation sous voile Apr\u00e8s 3 jours dans le port de Viveiro, nous profitons d&#8217;une m\u00e9t\u00e9o cl\u00e9mente pour caboter \u00e0 la journ\u00e9e et passer le Cap Finisterre\u00a0 &#8230; un petit air<\/p>\n\t\t<\/div>\n\t\t\t\t\t<a class=\"elementor-post__read-more\" href=\"http:\/\/odyssee-aquavel.bzh\/index.php\/2020\/09\/16\/la-galice\/\" >\n\t\t\t\tLire la suite \u00bb\t\t\t<\/a>\n\t\t\t\t<\/div>\n\t\t\t\t<\/article>\n\t\t\t\t<\/div>\n\t\t\t\t<\/div>\n\t\t\t\t<\/div>\n\t\t\t\t\t\t<\/div>\n\t\t\t\t\t<\/div>\n\t\t<\/div>\n\t\t\t\t\t\t\t\t<\/div>\n\t\t\t\t\t<\/div>\n\t\t<\/section>\n\t\t\t\t\t\t<\/div>\n\t\t\t\t\t\t<\/div>\n\t\t\t\t\t<\/div>\n\t\t","protected":false},"excerpt":{"rendered":"<p>Cliquez ici pour suivre notre parcours. Voici une carte pour d\u00e9couvrir notre parcours et quelques conseils sur les ports et mouillages que nous avons pratiqu\u00e9s.<\/p>\n","protected":false},"author":1,"featured_media":426,"parent":0,"menu_order":0,"comment_status":"closed","ping_status":"closed","template":"elementor_header_footer","meta":[],"yoast_head":"<!-- This site is optimized with the Yoast SEO plugin v14.9 - https:\/\/yoast.com\/wordpress\/plugins\/seo\/ -->\n<title>LE RECIT DE NOTRE VOYAGE - ODYSSEE AQUAVEL<\/title>\n<meta name=\"robots\" content=\"index, follow, max-snippet:-1, max-image-preview:large, max-video-preview:-1\" \/>\n<link rel=\"canonical\" href=\"http:\/\/odyssee-aquavel.bzh\/index.php\/le-recit-de-notre-voyage\/\" \/>\n<meta property=\"og:locale\" content=\"en_US\" \/>\n<meta property=\"og:type\" content=\"article\" \/>\n<meta property=\"og:title\" content=\"LE RECIT DE NOTRE VOYAGE - ODYSSEE AQUAVEL\" \/>\n<meta property=\"og:description\" content=\"Cliquez ici pour suivre notre parcours. Voici une carte pour d\u00e9couvrir notre parcours et quelques conseils sur les ports et mouillages que nous avons pratiqu\u00e9s.\" \/>\n<meta property=\"og:url\" content=\"http:\/\/odyssee-aquavel.bzh\/index.php\/le-recit-de-notre-voyage\/\" \/>\n<meta property=\"og:site_name\" content=\"ODYSSEE AQUAVEL\" \/>\n<meta property=\"article:modified_time\" content=\"2021-09-05T19:19:43+00:00\" \/>\n<meta property=\"og:image\" content=\"http:\/\/odyssee-aquavel.bzh\/wp-content\/uploads\/2020\/09\/Depart-scaled.jpg\" \/>\n\t<meta property=\"og:image:width\" content=\"2560\" \/>\n\t<meta property=\"og:image:height\" content=\"1920\" \/>\n<meta name=\"twitter:card\" content=\"summary_large_image\" \/>\n<script type=\"application\/ld+json\" class=\"yoast-schema-graph\">{\"@context\":\"https:\/\/schema.org\",\"@graph\":[{\"@type\":\"WebSite\",\"@id\":\"http:\/\/odyssee-aquavel.bzh\/#website\",\"url\":\"http:\/\/odyssee-aquavel.bzh\/\",\"name\":\"ODYSSEE AQUAVEL\",\"description\":\"\",\"potentialAction\":[{\"@type\":\"SearchAction\",\"target\":\"http:\/\/odyssee-aquavel.bzh\/?s={search_term_string}\",\"query-input\":\"required name=search_term_string\"}],\"inLanguage\":\"en-US\"},{\"@type\":\"ImageObject\",\"@id\":\"http:\/\/odyssee-aquavel.bzh\/index.php\/le-recit-de-notre-voyage\/#primaryimage\",\"inLanguage\":\"en-US\",\"url\":\"http:\/\/odyssee-aquavel.bzh\/wp-content\/uploads\/2020\/09\/Depart-scaled.jpg\",\"width\":2560,\"height\":1920},{\"@type\":\"WebPage\",\"@id\":\"http:\/\/odyssee-aquavel.bzh\/index.php\/le-recit-de-notre-voyage\/#webpage\",\"url\":\"http:\/\/odyssee-aquavel.bzh\/index.php\/le-recit-de-notre-voyage\/\",\"name\":\"LE RECIT DE NOTRE VOYAGE - ODYSSEE AQUAVEL\",\"isPartOf\":{\"@id\":\"http:\/\/odyssee-aquavel.bzh\/#website\"},\"primaryImageOfPage\":{\"@id\":\"http:\/\/odyssee-aquavel.bzh\/index.php\/le-recit-de-notre-voyage\/#primaryimage\"},\"datePublished\":\"2020-04-19T14:37:01+00:00\",\"dateModified\":\"2021-09-05T19:19:43+00:00\",\"inLanguage\":\"en-US\",\"potentialAction\":[{\"@type\":\"ReadAction\",\"target\":[\"http:\/\/odyssee-aquavel.bzh\/index.php\/le-recit-de-notre-voyage\/\"]}]}]}<\/script>\n<!-- \/ Yoast SEO plugin. -->","_links":{"self":[{"href":"http:\/\/odyssee-aquavel.bzh\/index.php\/wp-json\/wp\/v2\/pages\/155"}],"collection":[{"href":"http:\/\/odyssee-aquavel.bzh\/index.php\/wp-json\/wp\/v2\/pages"}],"about":[{"href":"http:\/\/odyssee-aquavel.bzh\/index.php\/wp-json\/wp\/v2\/types\/page"}],"author":[{"embeddable":true,"href":"http:\/\/odyssee-aquavel.bzh\/index.php\/wp-json\/wp\/v2\/users\/1"}],"replies":[{"embeddable":true,"href":"http:\/\/odyssee-aquavel.bzh\/index.php\/wp-json\/wp\/v2\/comments?post=155"}],"version-history":[{"count":31,"href":"http:\/\/odyssee-aquavel.bzh\/index.php\/wp-json\/wp\/v2\/pages\/155\/revisions"}],"predecessor-version":[{"id":1829,"href":"http:\/\/odyssee-aquavel.bzh\/index.php\/wp-json\/wp\/v2\/pages\/155\/revisions\/1829"}],"wp:featuredmedia":[{"embeddable":true,"href":"http:\/\/odyssee-aquavel.bzh\/index.php\/wp-json\/wp\/v2\/media\/426"}],"wp:attachment":[{"href":"http:\/\/odyssee-aquavel.bzh\/index.php\/wp-json\/wp\/v2\/media?parent=155"}],"curies":[{"name":"wp","href":"https:\/\/api.w.org\/{rel}","templated":true}]}}